{"id":154,"date":"2022-05-25T17:57:01","date_gmt":"2022-05-25T15:57:01","guid":{"rendered":"https:\/\/lorraine.tosi.eu\/?page_id=154"},"modified":"2022-05-25T18:25:01","modified_gmt":"2022-05-25T16:25:01","slug":"aaf16","status":"publish","type":"page","link":"https:\/\/lorraine.tosi.eu\/index.php\/aaf16\/","title":{"rendered":"Forum des Archivistes Fran\u00e7ais 2016"},"content":{"rendered":"<div class=\"cadre-detail\">\n<p class=\"txt-vign-cursive\">Conf\u00e9rence<\/p>\n<p>R\u00e9inventer le cahier de laboratoire \u00e0 l\u2019\u00e8re du num\u00e9rique, entre archive courante et archive interm\u00e9diaire<\/p>\n<p class=\"txt-vign-cursive\">Auteurs<\/p>\n<p>2016, Lorraine Tosi<\/p>\n<p class=\"txt-vign-cursive\">Colloque<\/p>\n<p>Forum des Archivistes Fran\u00e7ais<\/p>\n<p class=\"txt-vign-cursive\">Lieu<\/p>\n<p>Centre des Congr\u00e8s de l\u2019Aube, Troyes, 30-31 mars 2016<\/p>\n<p><img decoding=\"async\" src=\"https:\/\/lorraine.tosi.eu\/wp-content\/uploads\/2022\/05\/diapo-aaf.png\" alt=\"aper\u00e7u poster\" class=\"aligncenter size-medium wp-image-469\" width=\"400\"><\/p>\n<\/div>\n<p class=\"txt-vign-cursive\">En savoir plus<\/p>\n<p><a href=\"https:\/\/doi.org\/10.1145\/3103010.3121034\" target=\"_blank\" rel=\"noopener\">Site des Archivistes Fran\u00e7ais<\/a><br \/>\n<a href=\"https:\/\/forum2016.archivistes.org\/blog\/2016\/01\/15\/intervention-reinventer-le-cahier-de-laboratoire-a-lere-du-numerique-entre-archive-courante-et-archive-i\/\" target=\"_blank\" rel=\"noopener\"><img loading=\"lazy\" decoding=\"async\" src=\"https:\/\/lorraine.tosi.eu\/wp-content\/uploads\/2022\/05\/aaf-1024x562-1.png\" alt=\"lien publication\" class=\"aligncenter size-medium wp-image-444\" width=\"300\" height=\"165\"><\/a><\/p>\n","protected":false},"excerpt":{"rendered":"<p>Conf\u00e9rence R\u00e9inventer le cahier de laboratoire \u00e0 l\u2019\u00e8re du num\u00e9rique, entre archive courante et archive interm\u00e9diaire Auteurs 2016, Lorraine Tosi Colloque Forum des Archivistes Fran\u00e7ais Lieu Centre des Congr\u00e8s de l\u2019Aube, Troyes, 30-31 mars 2016 En savoir plus Site des Archivistes Fran\u00e7ais<\/p>\n","protected":false},"author":1,"featured_media":0,"parent":0,"menu_order":0,"comment_status":"closed","ping_status":"closed","template":"","meta":{"footnotes":""},"class_list":["post-154","page","type-page","status-publish","hentry","entry"],"_links":{"self":[{"href":"https:\/\/lorraine.tosi.eu\/index.php\/wp-json\/wp\/v2\/pages\/154","targetHints":{"allow":["GET"]}}],"collection":[{"href":"https:\/\/lorraine.tosi.eu\/index.php\/wp-json\/wp\/v2\/pages"}],"about":[{"href":"https:\/\/lorraine.tosi.eu\/index.php\/wp-json\/wp\/v2\/types\/page"}],"author":[{"embeddable":true,"href":"https:\/\/lorraine.tosi.eu\/index.php\/wp-json\/wp\/v2\/users\/1"}],"replies":[{"embeddable":true,"href":"https:\/\/lorraine.tosi.eu\/index.php\/wp-json\/wp\/v2\/comments?post=154"}],"version-history":[{"count":3,"href":"https:\/\/lorraine.tosi.eu\/index.php\/wp-json\/wp\/v2\/pages\/154\/revisions"}],"predecessor-version":[{"id":179,"href":"https:\/\/lorraine.tosi.eu\/index.php\/wp-json\/wp\/v2\/pages\/154\/revisions\/179"}],"wp:attachment":[{"href":"https:\/\/lorraine.tosi.eu\/index.php\/wp-json\/wp\/v2\/media?parent=154"}],"curies":[{"name":"wp","href":"https:\/\/api.w.org\/{rel}","templated":true}]}}